{"id":2,"date":"2014-12-04T10:14:54","date_gmt":"2014-12-04T10:14:54","guid":{"rendered":"http:\/\/czestochowianie.home.pl\/klimaty\/?page_id=2"},"modified":"2024-10-03T13:04:54","modified_gmt":"2024-10-03T13:04:54","slug":"jury","status":"publish","type":"page","link":"http:\/\/www.klimatyczestochowy.pl\/?page_id=2","title":{"rendered":"Jury"},"content":{"rendered":"\n<p><strong>JURY 17. EDYCJI &#8222;KLIMAT\u00d3W CZ\u0118STOCHOWY&#8221; (2024)<\/strong><br><br><\/p>\n\n\n\n<div class=\"wp-block-columns is-layout-flex wp-container-core-columns-is-layout-28f84493 wp-block-columns-is-layout-flex\">\n<div class=\"wp-block-column is-layout-flow wp-block-column-is-layout-flow\" style=\"flex-basis:33.33%\">\n<div style=\"height:43px\" aria-hidden=\"true\" class=\"wp-block-spacer\"><\/div>\n\n\n\n<figure class=\"wp-block-image size-large\"><a href=\"http:\/\/www.klimatyczestochowy.pl\/wp-content\/uploads\/2024\/10\/458671764_829664855968697_2227942441849131187_n.jpg\"><img loading=\"lazy\" decoding=\"async\" width=\"1024\" height=\"1024\" src=\"http:\/\/www.klimatyczestochowy.pl\/wp-content\/uploads\/2024\/10\/458671764_829664855968697_2227942441849131187_n-1024x1024.jpg\" alt=\"\" class=\"wp-image-1522\" srcset=\"http:\/\/www.klimatyczestochowy.pl\/wp-content\/uploads\/2024\/10\/458671764_829664855968697_2227942441849131187_n-1024x1024.jpg 1024w, http:\/\/www.klimatyczestochowy.pl\/wp-content\/uploads\/2024\/10\/458671764_829664855968697_2227942441849131187_n-300x300.jpg 300w, http:\/\/www.klimatyczestochowy.pl\/wp-content\/uploads\/2024\/10\/458671764_829664855968697_2227942441849131187_n-150x150.jpg 150w, http:\/\/www.klimatyczestochowy.pl\/wp-content\/uploads\/2024\/10\/458671764_829664855968697_2227942441849131187_n-768x768.jpg 768w, http:\/\/www.klimatyczestochowy.pl\/wp-content\/uploads\/2024\/10\/458671764_829664855968697_2227942441849131187_n-1536x1536.jpg 1536w, http:\/\/www.klimatyczestochowy.pl\/wp-content\/uploads\/2024\/10\/458671764_829664855968697_2227942441849131187_n.jpg 2048w\" sizes=\"auto, (max-width: 1024px) 100vw, 1024px\" \/><\/a><\/figure>\n<\/div>\n\n\n\n<div class=\"wp-block-column is-layout-flow wp-block-column-is-layout-flow\" style=\"flex-basis:66.66%\">\n<h2 class=\"wp-block-heading has-text-align-left\">Anna Paleczek-Szumlas<\/h2>\n\n\n\n<p>Od <a><\/a>2015 r. dyrektorka Miejskiej Galerii Sztuki w Cz\u0119stochowie. Kuratorka i autorka indywidualnych wystaw takich artyst\u00f3w jak m.in. Edward Dwurnik, Jaros\u0142aw Modzelewski, Ros\u0142aw Szaybo, Tomasz Tomaszewski, Jan Kanty Pawlu\u015bkiewicz, Jan Wo\u0142ek, Tomasz Lubaszka, Jacek \u0141yd\u017cba, Przemys\u0142aw Lasak, Bogus\u0142aw Lustyk, czy Andrzej P\u0105gowski. W ci\u0105gu ostatnich 7 lat zorganizowa\u0142a ponad 250 wystaw indywidualnych i zbiorowych oraz kilkadziesi\u0105t event\u00f3w kulturalnych. Pomys\u0142odawczyni cyklu spotka\u0144 \u201eNie\u015bmiertelni&#8221; dedykowanego polskim i \u015bwiatowym tw\u00f3rcom.<\/p>\n\n\n\n<p>Nagrodzona Nagrod\u0105 Marsza\u0142ka Wojew\u00f3dztwa \u015al\u0105skiego za zas\u0142ugi w dziedzinie plastyki oraz Nagrod\u0105 Ministra Kultury i Dziedzictwa Narodowego Zas\u0142u\u017cony dla kultury.<\/p>\n\n\n\n<p>Cz\u0142onkini honorowa SPAF.<\/p>\n\n\n\n<div style=\"height:43px\" aria-hidden=\"true\" class=\"wp-block-spacer\"><\/div>\n<\/div>\n<\/div>\n\n\n\n<hr class=\"wp-block-separator has-alpha-channel-opacity\"\/>\n\n\n\n<div class=\"wp-block-columns is-layout-flex wp-container-core-columns-is-layout-28f84493 wp-block-columns-is-layout-flex\">\n<div class=\"wp-block-column is-layout-flow wp-block-column-is-layout-flow\" style=\"flex-basis:33.33%\">\n<div style=\"height:43px\" aria-hidden=\"true\" class=\"wp-block-spacer\"><\/div>\n\n\n\n<figure class=\"wp-block-image size-large\"><a href=\"http:\/\/www.klimatyczestochowy.pl\/wp-content\/uploads\/2024\/10\/POST_JUROR_MARKOWSKI_2024.jpg\"><img loading=\"lazy\" decoding=\"async\" width=\"1024\" height=\"1024\" src=\"http:\/\/www.klimatyczestochowy.pl\/wp-content\/uploads\/2024\/10\/POST_JUROR_MARKOWSKI_2024-1024x1024.jpg\" alt=\"\" class=\"wp-image-1521\" srcset=\"http:\/\/www.klimatyczestochowy.pl\/wp-content\/uploads\/2024\/10\/POST_JUROR_MARKOWSKI_2024-1024x1024.jpg 1024w, http:\/\/www.klimatyczestochowy.pl\/wp-content\/uploads\/2024\/10\/POST_JUROR_MARKOWSKI_2024-300x300.jpg 300w, http:\/\/www.klimatyczestochowy.pl\/wp-content\/uploads\/2024\/10\/POST_JUROR_MARKOWSKI_2024-150x150.jpg 150w, http:\/\/www.klimatyczestochowy.pl\/wp-content\/uploads\/2024\/10\/POST_JUROR_MARKOWSKI_2024-768x768.jpg 768w, http:\/\/www.klimatyczestochowy.pl\/wp-content\/uploads\/2024\/10\/POST_JUROR_MARKOWSKI_2024-1536x1536.jpg 1536w, http:\/\/www.klimatyczestochowy.pl\/wp-content\/uploads\/2024\/10\/POST_JUROR_MARKOWSKI_2024.jpg 2048w\" sizes=\"auto, (max-width: 1024px) 100vw, 1024px\" \/><\/a><\/figure>\n<\/div>\n\n\n\n<div class=\"wp-block-column is-layout-flow wp-block-column-is-layout-flow\" style=\"flex-basis:66.66%\">\n<h2 class=\"wp-block-heading has-text-align-left\">Adam Markowski<\/h2>\n\n\n\n<p>Projektant graficzny, fotograf. Absolwent Wydzia\u0142u Artystycznego Wy\u017cszej Szko\u0142y Pedagogicznej w Cz\u0119stochowie. Pomys\u0142odawca i koordynator konkurs\u00f3w fotograficznych &#8211; miejskiego &#8222;Klimaty Cz\u0119stochowy&#8221; (w latach 2006-2023) oraz mi\u0119dzynarodowego Fujifilm Moment Street Photo Awards. Od 2005 roku promowa\u0142 miasto na wielu p\u0142aszczyznach &#8211; przede wszystkim graficznie, fotograficznie i filmowo. Przez kilkana\u015bcie ostatnich lat w redakcji miesi\u0119cznika &#8222;Co, gdzie, kiedy w Cz\u0119stochowie&#8221;. Logo oraz identyfikacja wizualna miasta Cz\u0119stochowa, kt\u00f3re zaprojektowa\u0142, dosta\u0142y si\u0119 do fina\u0142u konkursu &#8222;Dobry Wz\u00f3r 2018&#8221; organizowanego przez Instytut Wzornictwa Przemys\u0142owego. Ma na koncie par\u0119 wystaw indywidualnych i udzia\u0142 w zbiorowych. Za swoje fotografie zdoby\u0142 te\u017c par\u0119 nagr\u00f3d i wyr\u00f3\u017cnie\u0144. Obok fotografii artystycznej, zajmuje si\u0119 tak\u017ce fotografi\u0105 komercyjn\u0105. Prowadzi tak\u017ce plastyczn\u0105 Pracowni\u0119 ZetPeTe.<\/p>\n\n\n\n<div style=\"height:43px\" aria-hidden=\"true\" class=\"wp-block-spacer\"><\/div>\n<\/div>\n<\/div>\n\n\n\n<hr class=\"wp-block-separator has-alpha-channel-opacity\"\/>\n\n\n\n<div class=\"wp-block-columns is-layout-flex wp-container-core-columns-is-layout-28f84493 wp-block-columns-is-layout-flex\">\n<div class=\"wp-block-column is-layout-flow wp-block-column-is-layout-flow\" style=\"flex-basis:33.33%\">\n<div style=\"height:43px\" aria-hidden=\"true\" class=\"wp-block-spacer\"><\/div>\n\n\n\n<figure class=\"wp-block-image size-large\"><a href=\"http:\/\/www.klimatyczestochowy.pl\/wp-content\/uploads\/2024\/10\/458921937_830284049240111_7665595990531285912_n.jpg\"><img loading=\"lazy\" decoding=\"async\" width=\"1024\" height=\"1024\" src=\"http:\/\/www.klimatyczestochowy.pl\/wp-content\/uploads\/2024\/10\/458921937_830284049240111_7665595990531285912_n-1024x1024.jpg\" alt=\"\" class=\"wp-image-1524\" srcset=\"http:\/\/www.klimatyczestochowy.pl\/wp-content\/uploads\/2024\/10\/458921937_830284049240111_7665595990531285912_n-1024x1024.jpg 1024w, http:\/\/www.klimatyczestochowy.pl\/wp-content\/uploads\/2024\/10\/458921937_830284049240111_7665595990531285912_n-300x300.jpg 300w, http:\/\/www.klimatyczestochowy.pl\/wp-content\/uploads\/2024\/10\/458921937_830284049240111_7665595990531285912_n-150x150.jpg 150w, http:\/\/www.klimatyczestochowy.pl\/wp-content\/uploads\/2024\/10\/458921937_830284049240111_7665595990531285912_n-768x768.jpg 768w, http:\/\/www.klimatyczestochowy.pl\/wp-content\/uploads\/2024\/10\/458921937_830284049240111_7665595990531285912_n-1536x1536.jpg 1536w, http:\/\/www.klimatyczestochowy.pl\/wp-content\/uploads\/2024\/10\/458921937_830284049240111_7665595990531285912_n.jpg 2048w\" sizes=\"auto, (max-width: 1024px) 100vw, 1024px\" \/><\/a><\/figure>\n<\/div>\n\n\n\n<div class=\"wp-block-column is-layout-flow wp-block-column-is-layout-flow\" style=\"flex-basis:66.66%\">\n<h2 class=\"wp-block-heading has-text-align-left\">Justyna Warwas<\/h2>\n\n\n\n<p>Urodzi\u0142a si\u0119 w Cz\u0119stochowie. Fotografka, malarka, nauczycielka akademicka (Uniwersytet Jana D\u0142ugosza w Cz\u0119stochowie).<\/p>\n\n\n\n<p>Kuratorka wystaw (wsp\u00f3\u0142praca z O\u015brodkiem Kultury Gaude Mater w Cz\u0119stochowie), zwi\u0105zana z Towarzystwem Zach\u0119ty Sztuk Pi\u0119knych \u201eKonduktorownia\u201d.<\/p>\n\n\n\n<p>Od 2012 roku komisarz i wsp\u00f3\u0142organizator Mi\u0119dzynarodowego Biennale Miniatury w Cz\u0119stochowie. Jej prace mo\u017cna ogl\u0105da\u0107 na wystawach w Polsce i na \u015bwiecie (m.in. Nowy Jork, Chiny, Nepal, Tajwan, S\u0142owenia, Bu\u0142garia, Chorwacja, Austria, Wietnam).<\/p>\n\n\n\n<p>Podr\u00f3\u017ce s\u0105 dla niej najwi\u0119ksz\u0105 inspiracj\u0105 w procesie tw\u00f3rczym.<\/p>\n\n\n\n<div style=\"height:43px\" aria-hidden=\"true\" class=\"wp-block-spacer\"><\/div>\n<\/div>\n<\/div>\n\n\n\n<p><strong><span style=\"color: #ffffff;\">.<\/span><\/strong><span style=\"color: #ffffff;\"><strong>..<\/strong><\/span><\/p>\n\n\n\n<p><strong>ARCHIWUM<br>\n<\/strong>&#8230;&#8230;&#8230;&#8230;&#8230;&#8230;&#8230;&#8230;&#8230;&#8230;&#8230;&#8230;&#8230;&#8230;&#8230;&#8230;&#8230;&#8230;&#8230;&#8230;&#8230;&#8230;&#8230;&#8230;&#8230;&#8230;&#8230;&#8230;&#8230;&#8230;&#8230;&#8230;&#8230;&#8230;&#8230;&#8230;&#8230;&#8230;&#8230;&#8230;&#8230;&#8230;&#8230;&#8230;&#8230;&#8230;&#8230;&#8230;&#8230;&#8230;&#8230;.<\/p>\n\n\n\n<p><strong>JURY 16. EDYCJI &#8222;KLIMAT\u00d3W CZ\u0118STOCHOWY&#8221; (2023)<\/strong><\/p>\n\n\n\n<figure class=\"wp-block-image aligncenter size-full\"><img loading=\"lazy\" decoding=\"async\" width=\"150\" height=\"150\" src=\"http:\/\/www.klimatyczestochowy.pl\/wp-content\/uploads\/2023\/09\/agnieszka_malasiewicz_b.jpg\" alt=\" \" class=\"wp-image-1345\"\/><\/figure>\n\n\n\n<p><strong>Agnieszka Ma\u0142asiewicz <\/strong>&#8211; fotografka Filharmonii Cz\u0119stochowskiej. Uko\u0144czy\u0142a filmoznawstwo na Uniwersytecie \u015al\u0105skim. Fotografia s\u0142u\u017cy jej nie tylko do zapami\u0119tywania, ale przede wszystkim odkrywania wizualnej tajemnicy. Uwielbia opowiadanie historii, wielow\u0105tkowo\u015b\u0107, dlatego spe\u0142nia si\u0119 w dokumentowaniu wydarze\u0144 artystycznych, fotorelacjach, nie tylko koncertowych. Rozwija umiej\u0119tno\u015bci poprzez fotografowanie aparatami analogowymi. W Filharmonii Cz\u0119stochowskiej przez kilka lat przygotowywa\u0142a i realizowa\u0142a wystawy plastyczne. Obecnie odpowiedzialna, m.in., za media spo\u0142eczno\u015bciowe tej instytucji. Ma na swoim koncie dwie wystawy indywidualne. Laureatka konkurs\u00f3w: <em>Biznes w obiektywie miesi\u0119cznika Forbes, Klimaty Cz\u0119stochowy<\/em>.<\/p>\n\n\n\n<figure class=\"wp-block-image aligncenter size-full\"><img loading=\"lazy\" decoding=\"async\" width=\"150\" height=\"150\" src=\"http:\/\/www.klimatyczestochowy.pl\/wp-content\/uploads\/2023\/09\/jacenty_dedek_b.jpg\" alt=\" \" class=\"wp-image-1346\"\/><\/figure>\n\n\n\n<p><strong>Jacenty D\u0119dek<\/strong> &#8211; fotograf. Zajmuje si\u0119 portretem, fotografi\u0105 dokumentaln\u0105, reporta\u017cem. Publikowa\u0142 w prasie (m.in. <em>Du\u017cy Format, National Geographic Polska, Polityka, Newsweek<\/em> i inne). Laureat konkurs\u00f3w fotografii prasowej w Polsce. Trzykrotny stypendysta Ministra Kultury i Dziedzictwa Narodowego.<br>W ostatnich latach najch\u0119tniej pracuje nad w\u0142asnymi tematami. Najbardziej interesuj\u0105 go rzeczy zwyk\u0142e, dziej\u0105ce si\u0119 na marginesie g\u0142\u00f3wnych wydarze\u0144, ale zawsze blisko cz\u0142owieka. W 2020 r. wyda\u0142 album <em>&#8222;portretprowincji.pl&#8221;<\/em>, b\u0119d\u0105cy efektem prawie siedmioletniej podr\u00f3\u017cy po ma\u0142omiasteczkowej Polsce. Razem z \u017con\u0105 Katarzyn\u0105 odwiedzi\u0142 kilkaset miejscowo\u015bci poni\u017cej 30 tys. mieszka\u0144c\u00f3w, we wszystkich wojew\u00f3dztwach.     www.jacentydedek.pl<\/p>\n\n\n\n<figure class=\"wp-block-image aligncenter size-full\"><img loading=\"lazy\" decoding=\"async\" width=\"150\" height=\"150\" src=\"http:\/\/www.klimatyczestochowy.pl\/wp-content\/uploads\/2023\/09\/wieslaw_radzioch_b.jpg\" alt=\" \" class=\"wp-image-1347\"\/><\/figure>\n\n\n\n<p><strong>Wies\u0142aw Radzioch<\/strong> &#8211; fotograf dokumentuj\u0105cy przede wszystkim wydarzenia kulturalne. Z aparatem fotograficznym ponad p\u00f3\u0142 wieku. Zacz\u0119\u0142o si\u0119 od prezentu, jakim by\u0142 aparat DRUCH. To by\u0142y czasy fotografii analogowej. Klisze, papier fotograficzny, wywo\u0142ywacz, utrwalacz, ciemnia fotograficzna w \u0142azience\u2026 Do dzisiaj pami\u0119ta, jak parzy\u0142y go w palce wymieniane \u017car\u00f3wki spalone w prymitywnej lampie b\u0142yskowej. Z up\u0142ywem lat zmienia\u0142 sprz\u0119t na nowocze\u015bniejszy. Ros\u0142o do\u015bwiadczenie i wiedza fotograficzna. Nie fotografuje zawodowo, dla pieni\u0119dzy. Nie wysy\u0142a fotografii na konkursy. Dzieli si\u0119 nimi w mediach spo\u0142eczno\u015bciowych.<\/p>\n\n\n\n<p><br><br><strong>JURY 15. EDYCJI &#8222;KLIMAT\u00d3W CZ\u0118STOCHOWY&#8221; (2022)<\/strong><\/p>\n\n\n\n<figure class=\"wp-block-image aligncenter\"><img loading=\"lazy\" decoding=\"async\" width=\"150\" height=\"150\" src=\"http:\/\/www.klimatyczestochowy.pl\/wp-content\/uploads\/2022\/07\/justynajanus.jpg\" alt=\"\" class=\"wp-image-1267\"\/><\/figure>\n\n\n\n<p><strong>Justyna Janus<\/strong> &#8211; fotografka pochodz\u0105ca z Cz\u0119stochowy, mieszka w Aleksandrii I, gdzie prowadzi studio fotograficzne oraz mobilne <em>FotoPud\u0142o<\/em>. Uko\u0144czy\u0142a matematyk\u0119 na Uniwersytecie Wroc\u0142awskim. Obecnie jest studentk\u0105 Instytutu Tw\u00f3rczej Fotografii Uniwersytetu \u015al\u0105skiego w Opawie. Freelancer. Dokumentuje \u017cycie codzienne lokalnej spo\u0142eczno\u015bci. Laureatka konkurs\u00f3w fotograficznych, m.in. <em>Klimaty Cz\u0119stochowy, <\/em><em>Fotosprint, Obiektywnie \u015al\u0105skie, Grand Press Photo.<\/em><\/p>\n\n\n\n<figure class=\"wp-block-image aligncenter\"><img loading=\"lazy\" decoding=\"async\" width=\"150\" height=\"150\" src=\"http:\/\/www.klimatyczestochowy.pl\/wp-content\/uploads\/2022\/07\/kamila.jpg\" alt=\"\" class=\"wp-image-1285\"\/><\/figure>\n\n\n\n<p><strong>Kamila Skorek<\/strong> &#8211; fotografka. Wychowa\u0142a si\u0119 w domu pe\u0142nym obraz\u00f3w malowanych przez jej mam\u0119, a mi\u0142o\u015b\u0107 do fotografii zaczepi\u0142&nbsp;w niej dziadek. W fotografii szuka: naturalno\u015bci, kolor\u00f3w, b\u0142ysku w oku i u\u015bmiechu. Koncentruje si\u0119 na zamkni\u0119ciu w kadrze tego co pi\u0119kne, czasem idealizuj\u0105c. Zawodowo zajmuje si\u0119 zar\u00f3wno fotografi\u0105 produktow\u0105, modow\u0105 jak r\u00f3wnie\u017c reporta\u017cem. W ci\u0105gu 10 lat swojej dzia\u0142alno\u015bci bra\u0142a udzia\u0142 w licznych projektach i wydarzeniach artystycznych. Jest te\u017c laureatk\u0105 konkursu<em> Klimaty Cz\u0119stochowy.<\/em><\/p>\n\n\n\n<figure class=\"wp-block-image aligncenter\"><img loading=\"lazy\" decoding=\"async\" width=\"150\" height=\"150\" src=\"http:\/\/www.klimatyczestochowy.pl\/wp-content\/uploads\/2022\/07\/lukasz.jpg\" alt=\"\" class=\"wp-image-1271\"\/><\/figure>\n\n\n\n<p><strong>\u0141ukasz Stacherczak<\/strong> &#8211; fotograf z zami\u0142owania. Kilkukrotny laureat <em>Klimat\u00f3w Cz\u0119stochowy<\/em>. Przez 11 lat pracowa\u0142 w biurze prasowym Urz\u0119du Miasta, gdzie odpowiada\u0142 m.in. za fotograficzn\u0105 dokumentacj\u0119 wydarze\u0144 miejskich. Obecnie dba o promocyjny wizerunek Cz\u0119stochowy, zajmuj\u0105c si\u0119 m.in. miejskimi portalami spo\u0142eczno\u015bciowymi.<\/p>\n\n\n\n<figure class=\"wp-block-image aligncenter\"><img loading=\"lazy\" decoding=\"async\" width=\"150\" height=\"150\" src=\"http:\/\/www.klimatyczestochowy.pl\/wp-content\/uploads\/2022\/07\/darekgawronski.jpg\" alt=\"\" class=\"wp-image-1269\"\/><\/figure>\n\n\n\n<p><strong>Dariusz Gawro\u0144ski &#8211; <\/strong>artysta fotograf, nauczyciel, podr\u00f3\u017cnik. Cz\u0142onek Zarz\u0105du Jurajskiego Fotoklubu Cz\u0119stochowa. Kurator Fotoklubu Norwid w IX L. O. im. Cypriana Kamila Norwida. Z fotografi\u0105 artystyczn\u0105 zwi\u0105zany od pocz\u0105tku XXI wieku. Miejsce szczeg\u00f3lne w jego tw\u00f3rczo\u015bci zajmuje fotografia dokumentalna, kreacyjna, pejza\u017cowa i portretowa. Dariusz Gawro\u0144ski jest autorem i wsp\u00f3\u0142autorem wielu wystaw fotograficznych; indywidualnych, zbiorowych, pokonkursowych \u2013 w Polsce i za granic\u0105. Bierze aktywny udzia\u0142 w Mi\u0119dzynarodowych Salonach Fotograficznych, organizowanych (m.in.) pod patronatem FIAP, zdobywaj\u0105c wiele nagr\u00f3d i wyr\u00f3\u017cnie\u0144.<\/p>\n\n\n\n<p><\/p>\n\n\n\n<p><strong>JURY 14. EDYCJI &#8222;KLIMAT\u00d3W CZ\u0118STOCHOWY&#8221; (2021)<\/strong><\/p>\n\n\n\n<figure class=\"wp-block-image aligncenter\"><img loading=\"lazy\" decoding=\"async\" width=\"150\" height=\"150\" src=\"http:\/\/www.klimatyczestochowy.pl\/wp-content\/uploads\/2021\/06\/kolewinski.jpg\" alt=\"\" class=\"wp-image-1181\"\/><\/figure>\n\n\n\n<p class=\"has-text-align-left\"><strong>\u0141ukasz Kolewi\u0144ski<\/strong> (ur. w 1983 roku) \u2013 specjalizuje si\u0119 w fotografii reporterskiej, na swoich fotografiach lubi uwiecznia\u0107 emocje. Od kilku lat wsp\u00f3\u0142pracuje z cz\u0119stochowsk\u0105 redakcj\u0105 Gazety Wyborczej. Na co dzie\u0144 dokumentuje wydarzenia kulturalne w naszym mie\u015bcie, stale wsp\u00f3\u0142pracuje z Filharmoni\u0105 Cz\u0119stochowsk\u0105, Miejsk\u0105 Galeri\u0105 Sztuki czy O\u015brodkiem Promocji Kultury \u201eGaude Mater\u201d. Laureat poprzednich edycji Klimat\u00f3w Cz\u0119stochowy (2015 r., 2016 r., 2017 r.).<\/p>\n\n\n\n<figure class=\"wp-block-image aligncenter\"><img loading=\"lazy\" decoding=\"async\" width=\"150\" height=\"150\" src=\"http:\/\/www.klimatyczestochowy.pl\/wp-content\/uploads\/2021\/06\/kras.jpg\" alt=\"\" class=\"wp-image-1182\"\/><\/figure>\n\n\n\n<p><strong>Piotr Kras <\/strong>(ur. w 1976 roku) \u2013 fotografi\u0105 zajmuje si\u0119 zawodowo, a dla relaksu zaj\u0105\u0142 si\u0119 ostatnio fotografowaniem ptak\u00f3w. Jest fotografem niezale\u017cnym, zajmuj\u0105cym si\u0119 g\u0142\u00f3wnie reporta\u017cem i fotografi\u0105 dokumentaln\u0105.<\/p>\n\n\n\n<figure class=\"wp-block-image aligncenter\"><img loading=\"lazy\" decoding=\"async\" width=\"150\" height=\"150\" src=\"http:\/\/www.klimatyczestochowy.pl\/wp-content\/uploads\/2021\/06\/pawlik.jpg\" alt=\"\" class=\"wp-image-1183\"\/><\/figure>\n\n\n\n<p class=\"has-text-align-left\"><strong>Kamil Pawlik<\/strong> (ur. w 1983 roku) \u2013 absolwent Wydzia\u0142u Sztuki Uniwersytetu im. Jana D\u0142ugosza w Cz\u0119stochowie. Obecnie mam przyjemno\u015b\u0107 tam\u017ce prowadzi\u0107 zaj\u0119cia ze studentami pierwszego roku Fotografii. Od 2013 roku jestem nauczycielem fotografii w ZS Prus w Cz\u0119stochowie. Prowadzi\u0142em dziesi\u0105tki warsztat\u00f3w fotograficznych dla r\u00f3\u017cnych grup wiekowych i r\u00f3\u017cnego stopnia zaawansowania uczestnik\u00f3w. Jestem autorem kilku wystaw w kraju i za granic\u0105. Laureat wielu konkurs\u00f3w fotograficznych.<\/p>\n\n\n\n<figure class=\"wp-block-image aligncenter\"><img loading=\"lazy\" decoding=\"async\" width=\"150\" height=\"150\" src=\"http:\/\/www.klimatyczestochowy.pl\/wp-content\/uploads\/2021\/06\/respondek.jpg\" alt=\"\" class=\"wp-image-1184\"\/><\/figure>\n\n\n\n<p class=\"has-text-align-left\"><strong>Jaros\u0142aw Respondek <\/strong>(ur. w 1991 roku) \u2013 sw\u00f3j \u017cyciowy okr\u0119t obecnie zadokowa\u0142 w Tr\u00f3jmie\u015bcie. Fotoreporter, dokumentalista z ponad 10 letnim do\u015bwiadczeniem. Po aparat si\u0119gn\u0105\u0142 po raz pierwszy w 2008 r. Szkolna pasja zaszczepiona przez pedagoga Marka Podg\u00f3rskiego szybko przerodzi\u0142a si\u0119 w spos\u00f3b na \u017cycie. Obecnie wsp\u00f3\u0142pracuje z Agencj\u0105 Fotograficzn\u0105 REPORTER. Publikowa\u0142 m.in. w wydawnictwach promocyjnych Cz\u0119stochowy, Gazecie Wyborczej, Wprost, Polityce. Na co dzie\u0144 jest odpowiedzialny za eventy i szkolenia w Cyfrowe.pl. Testuje sprz\u0119t i doradza rozwi\u0105zania dla fotograf\u00f3w. Absolwent Instytutu Tw\u00f3rczej Fotografii w Opawie w Czechach, obecnie kontynuuje nauk\u0119 na stopniu magisterskim. Laureat m.in. Grand Press Photo (2014 r. &#8211; trzecia nagroda w kat. \u017bycie Codzienne, 2015 r. &#8211; trzecia nagroda w kat. \u015arodowisko, 2021 r. &#8211; druga nagroda w kat. Wydarzenia), mi\u0119dzynarodowego konkursu IPA, 5-boju Fotopolis, Discover Europe. Kilkukrotnie nagradzany w lokalnych konkursach: Klimaty Cz\u0119stochowy czy Obiektywnie \u015al\u0105skie.<\/p>\n\n\n\n<p><strong><span style=\"color: #eb0000;\">JURY 13. EDYCJI &#8222;KLIMAT\u00d3W CZ\u0118STOCHOWY&#8221; (2018)<\/span><br>\n<\/strong><\/p>\n\n\n\n<figure class=\"wp-block-image aligncenter\"><img loading=\"lazy\" decoding=\"async\" width=\"150\" height=\"150\" src=\"http:\/\/www.klimatyczestochowy.pl\/wp-content\/uploads\/2018\/09\/PRZEMYSLAWJENDROSKA.jpg\" alt=\"\" class=\"wp-image-1078\"\/><\/figure>\n\n\n\n<p><strong>Przemys\u0142aw Jendroska <\/strong>&#8211; jest absolwentem Pa\u0144stwowej Wy\u017cszej Szko\u0142y Filmowej Telewizyjnej i Teatralnej w \u0141odzi na kierunku Fotografia oraz Policealnego Studium fotograficznego w Katowicach. By\u0142 wsp\u00f3\u0142za\u0142o\u017cycielem grupy fotograficznej Natechwile, z kt\u00f3r\u0105 zrealizowa\u0142 kilkadzies\u0105t wystaw w Polsce i za granic\u0105. Jest fotoreporterem i fotoedytorem w katowickiej Gazecie Wyborczej z kt\u00f3r\u0105 wp\u00f3\u0142pracuje od 2002 roku. Jego fotografie zobaczy\u0107 mo\u017cna g\u0142\u00f3wnie w Gazecie Wyborczej, a tak\u017ce za po\u015brednictwem Agencji Gazety m.in w Agencji Reuters, oraz polskich tytu\u0142ach tj. Polityka, Newsweek, Wprost. Na sta\u0142e wsp\u00f3\u0142pracuje z Teatrem \u015al\u0105skim oraz z wieloma firmami w zakresie fotografii reklamowej, korporacyjnej i portretowej.<\/p>\n\n\n\n<figure class=\"wp-block-image aligncenter\"><img loading=\"lazy\" decoding=\"async\" width=\"150\" height=\"150\" src=\"http:\/\/www.klimatyczestochowy.pl\/wp-content\/uploads\/2018\/09\/setowski.jpg\" alt=\"\" class=\"wp-image-1087\"\/><\/figure>\n\n\n\n<p><strong>Jan S\u0119towski <\/strong>&#8211; kurator, artysta i projektant. Cz\u0142onek Monstfura, wsp\u00f3\u0142za\u0142o\u017cyciel (razem z \u0141ukaszem Gawronem) galerii sztuki wsp\u00f3\u0142czesnej IRON OXIDE oraz festiwalu o tej samej nazwie. Absolwent wydzia\u0142u projektowego Akademii Sztuk Pi\u0119knych w Katowicach. Organizator licznych wystaw oraz interwencji w przestrzeni miasta (murale, instalacje). Entuzjasta szerzenia wiedzy na temat sztuki i kultury.<\/p>\n\n\n\n<figure class=\"wp-block-image aligncenter\"><img loading=\"lazy\" decoding=\"async\" width=\"150\" height=\"150\" src=\"http:\/\/www.klimatyczestochowy.pl\/wp-content\/uploads\/2018\/09\/WATRASTOMASZ.jpg\" alt=\"\" class=\"wp-image-1073\"\/><\/figure>\n\n\n\n<p class=\"has-text-align-center\"><\/p>\n\n\n\n<p><strong>Tomasz Watras <\/strong>&#8211; rocznik 1986. Mieszka na \u015al\u0105sku. Fotograficzny samouk, obserwator. Swoj\u0105 przygod\u0119 zaczyna\u0142 od porter\u00f3w i industrialu, obecnie fotograf uliczny i reporta\u017cysta. Wielbiciel prostoty, codzienno\u015bci i dalekich podr\u00f3\u017cy. Laureat konkursu &#8222;Polska ulicznie 2017&#8221;.<br>\n<span style=\"color: #eb0000;\"><a style=\"color: #eb0000;\" href=\"http:\/\/www.instagram.com\/jestem.tomasz\">www.instagram.com\/jestem.tomasz<\/a><\/span><\/p>\n\n\n\n<p><span style=\"color: #eb0000;\"><strong>JURY 12. EDYCJI &#8222;KLIMAT\u00d3W CZ\u0118STOCHOWY&#8221; (2017)<\/strong><\/span><\/p>\n\n\n\n<figure class=\"wp-block-image aligncenter\"><img loading=\"lazy\" decoding=\"async\" width=\"150\" height=\"150\" src=\"http:\/\/www.klimatyczestochowy.pl\/wp-content\/uploads\/2014\/12\/niedenthalchris.jpg\" alt=\"\" class=\"wp-image-1005\"\/><\/figure>\n\n\n\n<p><strong>Chris Niedenthal<\/strong> &#8211; urodzi\u0142 si\u0119 w polskiej rodzinie w Londynie. Studiowa\u0142 fotografi\u0119 w London College of Printing, po czym w 1973 roku przyjecha\u0142 do Polski na kilka miesi\u0119cy i pozosta\u0142 do dzi\u015b. Pracowa\u0142 zawsze jako tzw. \u201ewolny strzelec\u201d; na pocz\u0105tku lat 80. wsp\u00f3\u0142pracowa\u0142 z ameryka\u0144skim tygodnikiem NEWSWEEK, a od 1985 roku, jako fotograf kontraktowy dla TIME Magazine. Dla tego czasopisma robi\u0142 reporta\u017ce w ca\u0142ej wschodniej i centralnej Europie, Zwi\u0105zku Radzieckim i na Ba\u0142kanach. Przez kilka lat wsp\u00f3\u0142pracowa\u0142 r\u00f3wnie\u017c z niemieckim tygodnikiem DER SPIEGEL. By\u0142 \u015bwiadkiem powstania wolnego zwi\u0105zku zawodowego \u201eSolidarno\u015b\u0107\u201d podczas strajku w stoczni im. Lenina w Gda\u0144sku w 1980 roku, jak r\u00f3wnie\u017c wprowadzenia stanu wojennego w Polsce w grudniu 1981, p\u00f3\u017aniej dokumentowa\u0142 upadek komunizmu w 1989 roku. Wygra\u0142 nagrod\u0119 w konkursie World Press Photo w 1986 roku za portret w\u0119gierskiego przyw\u00f3dcy Janosa Kadara. Przez wiele lat pracowa\u0142 nad cyklem fotografii dotycz\u0105cych dzieci niepe\u0142nosprawnych intelektualnie, kt\u00f3re przedstawi\u0142 w formie wystaw w wielu miastach w Polsce i za granic\u0105 (m.in. \u201eTabu. Portrety Nie Portretowanych\u201d, \u201cPracujeMY\u201d, \u201eListy do Syna\u201d). Jest autorem 6 album\u00f3w: \u201cPolska Rzeczpospolita Ludowa. Rekwizyty.\u201d (BOSZ, 2004); \u201c13\/12. Polska Stanu Wojennego\u201d (Edipresse 2006); \u201cIn Your Face. Oblicza Niedawnej Przesz\u0142o\u015bci\u201d (edition.FOTOTAPETA, 2011); \u201cChris Niedenthal. Wybrane Fotografie 1973-1989\u201d (BOSZ, 2014); \u201cNiedenthal Chopin\u201d (Narodowy Instytut Fryderyka Chopina, 2016); \u201c1989. Rok Nadziei\u201d (BOSZ, 2017) i autobiografii \u201cChris Niedenthal. Zaw\u00f3d: Fotograf\u201d (Marginesy, 2011).<\/p>\n\n\n\n<figure class=\"wp-block-image aligncenter\"><img loading=\"lazy\" decoding=\"async\" width=\"150\" height=\"150\" src=\"http:\/\/www.klimatyczestochowy.pl\/wp-content\/uploads\/2014\/12\/prazmowskiwojciech150.jpg\" alt=\"\" class=\"wp-image-1007\"\/><\/figure>\n\n\n\n<p><strong>Wojciech Pra\u017cmowski<\/strong> &#8211; fotograf urodzony Cz\u0119stochowie. W latach 1972-74 studiowa\u0142 w \u0160kole Vytvarnej Fotografie w Brnie. Wyk\u0142adowca PWSFTviT w \u0141odzi i Akademii Sztuk Pi\u0119knych w Warszawie, a przed laty tak\u017ce Akademii Sztuk Pi\u0119knych w Poznaniu. Cz\u0142onek ZPAF.<br>\nFotografi\u0105 zaj\u0105\u0142 si\u0119 w latach 70. Zaczyna\u0142 od fotografii metaforycznej z motywami konceptualnymi. Prze\u0142omem w jego podej\u015bciu do fotografii okaza\u0142a si\u0119 wystawa &#8222;Pierwsza \u015bwiatowa wystawa zdj\u0119\u0107 zepsutych&#8221; z 1989 roku. Pra\u017cmowski od tego momentu tworzy\u0142 prace w kt\u00f3rych odwo\u0142ywa\u0142 si\u0119 do symboli i mit\u00f3w zwi\u0105zanych z histori\u0105 Polski. Zainteresowa\u0142 sie fotografi\u0105 inscenizowan\u0105. Cz\u0119sto stosowa\u0142 fotomonta\u017c. W 1995 roku rozpocz\u0105\u0142 seri\u0119 Hommage a&#8230; po\u015bwiecon\u0105 wybitnym tw\u00f3rcom XX wieku. W ko\u0144cu lat 90. artysta si\u0119gn\u0105\u0142 do dokumentu fotograficznego, czego podsumowaniem jest ksi\u0105\u017cka Bia\u0142o-czerwono-czarna (1999) opowiadaj\u0105ca o Polsce lat 90. Stosowa\u0142 tak\u017ce wielkoformatowe kompozycje kolorowe &#8222;Bardzo martwe natury&#8221;, a od pocz\u0105tku XXI wieku stosuje po\u0142\u0105czenie fotografii barwnej z dokumentem fotograficznym (wystawa &#8222;Zarzecze&#8221;).<\/p>\n\n\n\n<figure class=\"wp-block-image aligncenter\"><img loading=\"lazy\" decoding=\"async\" width=\"150\" height=\"150\" src=\"http:\/\/www.klimatyczestochowy.pl\/wp-content\/uploads\/2014\/12\/grygielandrzej_150.jpg\" alt=\"\" class=\"wp-image-1012\"\/><\/figure>\n\n\n\n<p><strong>Andrzej Grygiel<\/strong> &#8211; od 2005 r. jest fotoreporterem Polskiej Agencji Prasowej. Wcze\u015bniej, od 1989 r. pracowa\u0142 dla katowickiej popo\u0142udni\u00f3wki \u201eWiecz\u00f3r\u201d, \u201eDziennika Zachodniego\u201d i wsp\u00f3\u0142pracowa\u0142 z wieloma innymi wydawnictwami. Uko\u0144czy\u0142 dziennikarstwo na Wydziale Nauk Spo\u0142ecznych Uniwersytetu \u015al\u0105skiego. Jest laureatem konkurs\u00f3w World Press Photo, Grand Press Photo, BZWBK Press Photo, Stowarzyszenia Dziennikarzy Polskich.<\/p>\n\n\n\n<figure class=\"wp-block-image aligncenter\"><img loading=\"lazy\" decoding=\"async\" width=\"150\" height=\"150\" src=\"http:\/\/www.klimatyczestochowy.pl\/wp-content\/uploads\/2014\/12\/barczykbartek_150.jpg\" alt=\"\" class=\"wp-image-1014\"\/><\/figure>\n\n\n\n<p><strong>Bartek Barczyk<\/strong> &#8211; fotograf. W latach 2001 &#8211; 2013 fotoreporter, p\u00f3\u017aniej kierownik dzia\u0142u fotograficznego Gazety Wyborczej na G\u00f3rnym \u015al\u0105sku. Dokumentowa\u0142 najwa\u017cniejsze wydarzenia w regionie oraz \u017cycie codzienne. W 2003 roku zacz\u0105\u0142 wsp\u00f3\u0142prac\u0119 ze \u015al\u0105skim Teatrem Ta\u0144ca, a w 2013 roku zosta\u0142 oficjalnym fotografem Narodowej Orkiestry Symfonicznej Polskiego Radia i rozpocz\u0105\u0142 wsp\u00f3\u0142prac\u0119 z Munich Chamber Orchestra. Wa\u017cnym etapem w karierze zawodowej by\u0142o fotografowanie ostatnich lat \u017cycia Wojciecha Kilara. Powstaje unikalny zapis fotograficzny przedstawiaj\u0105cy wielkiego kompozytora w powszednich sytuacjach. W 2015 roku, dokumentowa\u0142 w Nowym Jorku prac\u0119 Philipa Glassa, podczas nagrywania muzyki do filmu Martina Scorsese &#8222;Kundun-\u017cycie Dalaj Lamy&#8221;. Jest to do\u015b\u0107 wyj\u0105tkowy zapis, poniewa\u017c kompozytor w takich miejscach pokazuje si\u0119 raz na par\u0119 lat.W czasie pobytu w USA powstaje te\u017c cykl portret\u00f3w innego wybitnego kompozytora &#8211; Elliota Goldenthala. Obecnie fotograf wsp\u00f3\u0142pracuje z czo\u0142owymi magazynami lifestylowymi: &#8222;Pani&#8221;, &#8222;Wysokie Obcasy Extra&#8221;, &#8222;Lavie&#8221; czy &#8222;Uroda \u017bycia&#8221;. Z zami\u0142owania do architektury publikuje tak\u017ce w magazynie &#8222;Architektura-Murator&#8221;. Przed jego obiektywem stan\u0119\u0142y wybitne postaci polskiej sceny: Edyta Olsz\u00f3wka, Aleksandra Pop\u0142awska, Magda Umer, Andrzej Chyra, Piotr Stramowski i Sebastian Fabija\u0144ski.<\/p>\n\n\n\n<figure class=\"wp-block-image aligncenter\"><img loading=\"lazy\" decoding=\"async\" width=\"150\" height=\"150\" src=\"http:\/\/www.klimatyczestochowy.pl\/wp-content\/uploads\/2014\/12\/satowskijuliusz_150.jpg\" alt=\"\" class=\"wp-image-1009\"\/><\/figure>\n\n\n\n<p><strong>Juliusz S\u0119towski<\/strong> &#8211; historyk, kierownik O\u015brodka Dokumentacji Dziej\u00f3w Cz\u0119stochowy Muzeum Cz\u0119stochowskiego. Zajmuje si\u0119 g\u0142\u00f3wnie histori\u0105 Cz\u0119stochowy i regionu. Autor, wsp\u00f3\u0142autor, redaktor szeregu opracowa\u0144 dotycz\u0105cych dziej\u00f3w miasta, m.in. przewodnik\u00f3w biograficznych po cmentarzach cz\u0119stochowskich. Organizator i przewodnik wycieczek historycznych (pieszych i rowerowych) po Cz\u0119stochowie.<\/p>\n\n\n\n<p><span style=\"color: #eb0000;\"><strong>JURY 11. EDYCJI &#8222;KLIMAT\u00d3W CZ\u0118STOCHOWY&#8221; (2016)<\/strong><\/span><\/p>\n\n\n\n<p><span style=\"color: #eb0000;\"><strong><br>\nTomek Sikora<\/strong><span style=\"color: #000000;\"> &#8211; f<\/span><\/span><span style=\"color: #000000;\">otograf, plakacista, autor ilustracji ksi\u0105\u017ckowych, wsp\u00f3\u0142pracownik \u015bwiatowych agencji reklamowych. Pochodzi z rodziny artyst\u00f3w \u2013 matka by\u0142a malark\u0105, ojciec rze\u017abiarzem. Fotografi\u0105 zaj\u0105\u0142 si\u0119 zawodowo w wieku 20 lat po powrocie ze stypendium w studio Kodaka w Pary\u017cu. Pracowa\u0142 dla tygodnika \u201ePerspektywy\u201d jako fotoreporter. Zajmowa\u0142 si\u0119 tworzeniem plakat\u00f3w teatra<\/span><span class=\"text_exposed_show\"><span style=\"color: #000000;\">lnych i filmowych. Potem wyjecha\u0142 do Australii, gdzie uczy\u0142 fotografii w Victorian College of Arts. W ko\u0144cu za\u0142o\u017cy\u0142 studio fotografii reklamowej, realizuj\u0105c jednocze\u015bnie projekty autorskie. Na swoim koncie ma wsp\u00f3\u0142prac\u0119 z takimi renomowanymi markami jak Giorgio Armani, Yohji Yamamoto czy Prada. Razem z Andrzejem \u015awietlikiem za\u0142o\u017cy\u0142 Galeri\u0105 Bezdomn\u0105. Mieszka i pracuje w Warszawie, gdzie \u0142\u0105czy prac\u0119 wyk\u0142adowcy i fotografa.<\/span> <a href=\"http:\/\/www.tomeksikora.eu\"><span style=\"color: #eb0000;\">www.tomeksikora.eu<\/span><\/a><\/span><\/p>\n\n\n\n<p><span class=\"text_exposed_show\"><span style=\"color: #000000;\"><strong><span style=\"color: #eb0000;\">Joanna Kinowska<\/span><\/strong> &#8211; historyk sztuki. Na co dzie\u0144 zwi\u0105zana ze S\u0142u\u017cewskim Domem Kultury w Warszawie gdzie odpowiada za program fotograficzny. Wyk\u0142adowca Akademii Fotografii (historia fotografii). Niezale\u017cna kuratorka wystaw fotograficznych. Prowadzi autorskiego bloga na temat kultury fotograficznej <span style=\"color: #eb0000;\"><a style=\"color: #eb0000;\" href=\"http:\/\/l.facebook.com\/l.php?u=http%3A%2F%2Fwww.miejscefotografii.blogspot.com%2F&amp;h=8AQF8K5rBAQHTFNFQDYzsq0XdYJEhCVpkgrFfsgIOgy0yIQ&amp;enc=AZP4p9GrqQkqEcUTeKu_TPX671eoDY7RS3qTaWjq1QIFcfYAJLM4C3iQSyoC0mB9KSt_Mun6eVykKgMR-BIo63IYYgVdXgi-liyeZh64pxtcDYyb5SnllhbKVVLZnt1AXHigkSj_pZYPQ9THT_Sv-9LooYm8Bde4RroZoANFY5jG4qT2it5qe2EXxMwbYF0_zlY60LTCEHG6YJf6YNammjBK&amp;s=1\" target=\"_blank\" rel=\"nofollow noopener\">www.miejscefotografii.blogspot.com<\/a><\/span><\/span><\/span><\/p>\n\n\n\n<p><strong><span style=\"color: #eb0000;\">Arkadiusz Gola<\/span><\/strong> <span style=\"color: #000000;\">&#8211; Jest doktorantem Instytutu Kreatywnej Fotografii Uniwersytetu \u015al\u0105skiego w Opawie. Od 1991 r. pracuje jako fotoreporter prasowy, obecnie w redakcji \u201eDziennika Zachodniego\u201d. Wystawia w kraju i za granic\u0105 m.in.: w Czechach, Anglii, Niemczech, Francji, Belgii, Luksemburgu, Macedonii. Bierze r\u00f3wnie\u017c udzia\u0142 w konferencjach, festiwalach i konkursach. Autor ksi\u0105\u017cki \u201ePoziom na dwa \u0142amy\u201d Historia \u015bl\u0105skiej fotografii prasowej w \u201eTrybunie Robotniczej\u201d i \u201eDzienniku Zachodnim\u201d 1960-1989.(2015). Autor album\u00f3w: \u201eLudzie z w\u0119gla\u201d (2010),wydany na iPada (2013 r.), \u201eStany graniczne\u201d (2011), \u201eNie musz\u0119 wraca\u0107\u2026\u201d (2012). Laureat nagr\u00f3d i wyr\u00f3\u017cnie\u0144 konkursach fotograficznych \u201ePolska Fotografia Prasowa\u201d, \u201e\u015al\u0105ska Fotografia Prasowa\u201d, Og\u00f3lnopolskim Biennale Fotografii \u201eKocha\u0107 cz\u0142owieka\u201d, &#8222;BZ WBK Press Foto&#8221;, &#8222;Grand Press Photo&#8221;. Nagroda Prezydenta Miasta Zabrze w dziedzinie kultury (2010 r.), Stypendium Marsza\u0142ka Wojew\u00f3dztwa \u015al\u0105skiego w dziedzinie kultury. Tytu\u0142 \u201eDziennikarza Roku 2003\u201d \u201eDziennika Zachodniego\u201d. Jego prace znajduj\u0105 si\u0119 w Muzeum \u015al\u0105skim w Katowicach, Muzeum Historii Katowic, Muzeum G\u00f3rnictwa W\u0119glowego w Zabrzu, Muzeum Miejskim w Rudzie \u015al\u0105skiej, Muzeum Historii Fotografii w Krakowie, Muzeum Umeni w O\u0142omu\u0144cu oraz w zbiorach prywatnych w kraju i za granic\u0105. Jest cz\u0142onkiem ZPAF, zajmuje si\u0119 fotografi\u0105 dokumentaln\u0105.<\/span> <span style=\"color: #eb0000;\"><a style=\"color: #eb0000;\" href=\"http:\/\/www.arekgola.com\/\">www.arekgola.com<\/a><\/span><\/p>\n\n\n\n<p><span style=\"color: #eb0000;\"><strong>Agnieszka P\u00f3\u0142rola<\/strong><\/span> &#8211; uko\u0144czy\u0142a z wyr\u00f3\u017cnieniem Akademi\u0119 Sztuk Pi\u0119knych w Krakowie, Fili\u0119 w Katowicach. W 2004 r. otrzyma\u0142a stopie\u0144 doktora sztuki w Akademii Sztuk Pi\u0119knych w Katowicach w dyscyplinie artystycznej: grafika. W 2008 r. uzyska\u0142a stopie\u0144 doktora habilitowanego. Obecnie pracuje w Akademii im. Jana D\u0142ugosza w Cz\u0119stochowie na stanowisku profesora nadzwyczajnego AJD. Prace swoje prezentowa\u0142a na kilkudziesi\u0119ciu wystawach indywidualnych i kilkudziesi\u0119ciu zbiorowych w kraju i za granic\u0105.<\/p>\n\n\n\n<p><span style=\"color: #000000;\"><strong><span style=\"color: #eb0000;\">Piotr Furtak<\/span><\/strong>&nbsp;&#8211; z wykszta\u0142cenia in\u017cynier telekomunikacji, realizuj\u0105cy si\u0119 zawodowo jako kierownik projekt\u00f3w strategicznych w Multimedia Polska. Z zami\u0142owania fotograf. Fotografi\u0105 zajmowa\u0142 si\u0119 jeszcze za czas\u00f3w analogowych, odkrywaj\u0105c j\u0105 za ka\u017cdym razem na nowo. Du\u017co eksperymentuje ze sprz\u0119tem, \u015bwiat\u0142em i cieniem. Zajmuje si\u0119 g\u0142\u00f3wnie fotografi\u0105 beauty, modow\u0105, a ostatnio tak\u017ce reklamow\u0105 oraz biznesow\u0105. Wsp\u00f3\u0142pracuje z najlepszymi wiza\u017cystami, stylistami fryzur i mody. Wsp\u00f3\u0142pracowa\u0142 m.in. z mark\u0105 Wella na mi\u0119dzynarodowych mistrzostwach fryzjerstwa w Berlinie, Lizbonie i Pary\u017cu. Jest autorem wystawy Glittinglow. To ekspozycja serii projekt\u00f3w autorskich o tematyce Beauty. Elementem \u0142\u0105cz\u0105cym wszystkie fotografie jest nieszablonowe wykorzystanie \u015bwiat\u0142a jako elementu zdj\u0119cia w postaci po\u0142ysku, odbicia lub emisji w\u0142asnej. Wszystkie prace to starannie przygotowane projekty z wykorzystaniem \u015bwiat\u0142a UV, metalicznego bodypaintingu i przedmiot\u00f3w emituj\u0105cych \u015bwiat\u0142o. M\u0105\u017c i tata dw\u00f3jki maluch\u00f3w, Stasia i Ma\u0142gosi. <span style=\"color: #eb0000;\"><a style=\"color: #eb0000;\" href=\"http:\/\/www.piotrfurtak.pl\">www.piotrfurtak.pl<\/a><\/span><\/span><\/p>\n\n\n\n<p><strong><span style=\"text-decoration: underline;\"><span style=\"color: #eb0000; text-decoration: underline;\">Jury 10. edycji konkursu &#8222;Klimaty Cz\u0119stochowy&#8221; (2015):<\/span><\/span><\/strong><\/p>\n\n\n\n<p><span style=\"color: #eb0000;\"><strong>Jacenty D\u0119dek<\/strong><\/span> &#8211; fotograf, dokumentalista. Od pi\u0119tnastu lat wsp\u00f3\u0142pracownik polskiej edycji magazynu National Geographic, dla kt\u00f3rego przygotowa\u0142 kilkana\u015bcie autorskich reporta\u017cy. Publikowa\u0142 w Du\u017cym Formacie, Tygodniku Powszechnym, Polityce, Przekroju, Newsweeku, Forbsie, Przegl\u0105dzie, Focusie, Voyage, Podr\u00f3\u017cach, Polska Wita, Kalejdoscope, Wiedzy i \u017byciu, niemieckim Die Zeit,<br>\nhiszpa\u0144skim Desnivel. Najch\u0119tniej pracuje nad w\u0142asnymi tematami, jednym z nich s\u0105 portrety rodzin, rozpoczynaj\u0105ce si\u0119 cyklem \u201eRodzina po \u015bl\u0105sku\u201d. Najbardziej interesuj\u0105 go rzeczy zwyk\u0142e,<br>\ndziej\u0105ce si\u0119 na marginesie g\u0142\u00f3wnych wydarze\u0144, ale zawsze bardzo blisko cz\u0142owieka. <span style=\"color: #eb0000;\">www.jacentydedek.pl<\/span><\/p>\n\n\n\n<p><strong><span style=\"color: #eb0000;\">Bartosz Fr\u0105czek<\/span><\/strong> &#8211; studiowa\u0142 w instytucie plastyki WSP w Cz\u0119stochowie, (obecnie Akademia im. Jana D\u0142ugosza). Uzyska\u0142 dyplom z malarstwa z wyr\u00f3\u017cnieniem w pracowni prof. Wincentego<br>\nMaszkowskiego. Doktorat na wydziale Malarstwa ASP w Krakowie. Jest adiunktem na Wydziale Sztuki AJD w Cz\u0119stochowie. Zosta\u0142 czterokrotnie uhonorowany stypendium prezydenta miasta<br>\nCz\u0119stochowy. Otrzyma\u0142 na konkursach malarskich wiele nagr\u00f3d i wyr\u00f3\u017cnie\u0144. Jest pomys\u0142odawca Mi\u0119dzynarodowego Biennale Miniatury. Jego prace znajduj\u0105 si\u0119 w kolekcjach prywatnych w kraju i za granic\u0105. Zajmuje si\u0119 malarstwem, rysunkiem i upowszechnianiem kultury plastycznej. <span style=\"color: #eb0000;\">www.fraczek.art.pl<\/span><\/p>\n\n\n\n<p><strong><span style=\"color: #eb0000;\">Jaros\u0142aw Respondek<\/span><\/strong> &#8211; fotoreporter, student Instytutu Tw\u00f3rczej Fotografii w Opavie. Jego zdj\u0119cia pojawia\u0142y si\u0119 w wielu wydawnictwach prasowych i promocyjnych. Laureat nagr\u00f3d w konkursach fotograficznych: V-tej Ulicznej Bitwie Fotograficznej (Pozna\u0144, lipiec 2010, III nagrody w kategorii \u017cycie codzienne (2014) i \u015brodowisko (2015) w \u201eGrand Press Photo\u201d, II nagroda w kategorii fotografia reporterska w Klimatach Cz\u0119stochowy 2010, laureat programu \u201eDolina Kreatywna\u201d (Warszawa, pa\u017adziernik 2013), II nagroda w konkursie \u201eFotomaraton 2014\u201d, I miejsce w kategorii \u201eFotografia Klimatyczna 2014&#8243; w Klimatach Cz\u0119stochowy za cykl fotografii \u015brednioformatowych \u2013 25 LAT WOLNO\u015aCI (z\u0142o\u017cony w teczce), o m\u0142odych ludziach urodzonych w 1989 roku. Wsp\u00f3\u0142pracownik Urz\u0119du Miasta Cz\u0119stochowy (miesi\u0119cznik \u201eJasne, \u017ce Cz\u0119stochowy\u201d, wcze\u015bniej \u201eCo, gdzie, kiedy w Cz\u0119stochowie\u201d). W roku 2012 wsp\u00f3\u0142pracowa\u0142 z Gazet\u0105 Wyborcz\u0105, a od czerwca 2013 jest wsp\u00f3\u0142pracownikiem Agencji Fotograficznej REPORTER. Pracuje tak\u017ce nad indywidualnymi projektami. <span style=\"color: #eb0000;\">www.jarek-r.fotolog.pl<\/span><\/p>\n\n\n\n<p><strong><span style=\"color: #eb0000;\">Grzegorz Skowronek<\/span><\/strong> &#8211; od 22 lat pracuje w cz\u0119stochowskim oddziale Gazety Wyborczej. Od wielu lat szef zespo\u0142u fotoreporter\u00f3w. Cz\u0142onek Zarz\u0105du Fundacji Festiwal Sztuki Fotoreporta\u017cu. Ciekawi\u0105 go ludzie i wydarzenia, jako fotograf szuka sytuacji niezwyk\u0142ych, emocji, nieoficjalnych gest\u00f3w. Zawsze pami\u0119taj\u0105cy s\u0142owa starszego kolegi, kt\u00f3ry k\u0142ad\u0142 mu do g\u0142owy, \u017ce nawet banalne zdj\u0119cie dziury w drodze b\u0119dzie w gazecie podpisane jego nazwiskiem.<\/p>\n\n\n\n<p><strong><span style=\"color: #eb0000;\">Justyna Warwas<\/span><\/strong> uko\u0144czy\u0142a Edukacj\u0119 Artystyczn\u0105 w Zakresie Sztuk Plastycznych na Wydziale Wychowania Artystycznego Akademii im. Jana D\u0142ugosza w Cz\u0119stochowie, gdzie pracuje od kilku lat. Prowadzi zaj\u0119cia z malarstwa i rysunku. Zajmuje si\u0119 malarstwem, fotografi\u0105 i rysunkiem, umiej\u0119tnie \u0142\u0105cz\u0105c wszystkie dziedziny na jednej p\u0142aszczy\u017anie. Uczestniczy\u0142a w wielu znacz\u0105cych pokazach sztuki, mi\u0119dzy innymi w: XXI, XIII, XIV, XV Festiwalu Sztuki Wysokiej w Bytomiu, The 19 th Da Dun Fine Arts Exhibition of Taichung City Curltural Affaris Bureau, Taichung City Goverment Tajwan 2014. Otrzyma\u0142a dwukrotnie: w 2011, 2012 roku Stypendium Artystyczne Prezydenta Miasta Cz\u0119stochowy. Jej prace by\u0142y prezentowane na indywidualnych wystawach w Liptovskim muzeum Ru\u017comberku w S\u0142owacji i p\u00f3\u017aniej w nowojorskiej galerii Gallery@ 40SO Patchogue NY w Stanach Zjednoczonych. Ostatnia jej osobna ekspozycja zosta\u0142a zorganizowana w Akademickiej Przestrzeni Sztuki w Collegium Humanisticum Wydzia\u0142u Sztuk Pi\u0119knych Uniwersytetu Miko\u0142aja Kopernika w Toruniu.<\/p>\n\n\n\n<p>&nbsp;<span style=\"text-decoration: underline;\"><span style=\"color: #eb0000; text-decoration: underline;\"><strong>Jury 9. edycji &#8222;Klimat\u00f3w Cz\u0119stochowy&#8221; (2014):<\/strong><\/span><\/span><\/p>\n\n\n\n<p><strong>Renata D\u0105browska<\/strong> &#8211; absolwentka Pa\u0144stwowej Wy\u017cszej Szko\u0142y Filmowej, Telewizyjnej i Teatralnej w \u0141odzi. Wielokrotna laureatka polskich konkurs\u00f3w fotografii prasowej:<em> Grand Press Photo, BZ WBK Press Foto<\/em> oraz <em>Gda\u0144sk Press Photo<\/em>. Od 2005 roku wsp\u00f3\u0142pracuj\u0105ca z tr\u00f3jmiejskim oddzia\u0142em <em>\u201cGazety Wyborczej\u201d<\/em>. Inne publikacje:<em> \u201eDu\u017cy Format\u201d, \u201eWysokie Obcasy\u201d, \u201eNewsweek Polska\u201d, \u201ePolityka\u201d, \u201eWprost\u201d, \u201eTygodnik Powszechny\u201d, \u201eGazeta Polska\u201d, \u201ePress\u201d<\/em>. Na swoim koncie ma te\u017c wiele wystaw fotograficznych, indywidualnych i zbiorowych. W 2012 wyda\u0142a album z fotografiami pt. <em>&#8222;Ja, Renata D\u0105browska &#8211; 100 Portret\u00f3w&#8221;.<\/em> <a href=\"http:\/\/www.dziewczynkazaparatami.blogspot.com\" target=\"_blank\" rel=\"noopener\">www.dziewczynkazaparatami.blogspot.com<\/a><br>\n<strong>Radek Wojnar<\/strong> &#8211; fotograf mieszkaj\u0105cy w Warszawie. Absolwent Pa\u0144stwowej Szko\u0142y Filmowej, Telewizyjnej i Teatralnej w \u0141odzi. Zawodowo zajmuje si\u0119 g\u0142\u00f3wnie fotografi\u0105 wn\u0119trz i produktu. Fotografuje dla wielu agencji artystycznych i pracowni architektonicznych. Wsp\u00f3\u0142pracuje z czasopismami: <em>&#8222;Dobre Wn\u0119trze&#8221;, &#8222;Weranda&#8221;, &#8222;Villa&#8221;, &#8222;Elle Decoration&#8221;, &#8222;Dom &amp; Wn\u0119trze&#8221;<\/em>. Publikuje w magazynach: <em>&#8222;Architektura&#8221;, &#8222;Zwierciad\u0142o&#8221;, &#8222;Ogrody&#8221;, &#8222;Cosmopolitan&#8221;, &#8222;National Geographic Traveller&#8221;, &#8222;Polityka&#8221;, &#8222;Wysokie Obcasy&#8221;, Tw\u00f3j Styl&#8221;, &#8222;Ad Italy&#8221;<\/em>. <a href=\"http:\/\/www.radekwojnar.pl\" target=\"_blank\" rel=\"noopener\">www.radekwojnar.pl<\/a><br>\n<strong>Jacek \u0141yd\u017cba<\/strong> &#8211; artysta dzia\u0142aj\u0105cy g\u0142\u00f3wnie na polu malarstwa. W latach 1985 \u2013 1989 studiowa\u0142 wychowanie plastyczne w Wy\u017cszej Szkole Pedagogicznej w Cz\u0119stochowie. Od 1989 do 1994 roku studiowa\u0142 w Akademii Sztuk Pi\u0119knych w Warszawie. Dyplom z wyr\u00f3\u017cnieniem otrzyma\u0142 na Wydziale Grafiki w pracowni plakatu profesora Maciej Urba\u0144ca. Od 1995 roku by\u0142 asystentem w Wy\u017cszej Szkole Pedagogicznej w Cz\u0119stochowie. W 1999 roku zosta\u0142 nominowany do<em> \u201ePaszportu Polityki\u201d<\/em>. W 2002 roku uzyska\u0142 tytu\u0142 doktora i zosta\u0142 zatrudniony na stanowisku adiunkta w Wy\u017cszej Szkole Pedagogicznej. Wyk\u0142ada w pracowni projektowania graficznego. W 2004 roku wybrany zast\u0119pc\u0105 dyrektora Instytutu Plastyki Akademii im. Jana D\u0142ugosza w Cz\u0119stochowie (by\u0142ej WSP). Jest laureatem Nagrody Prezydenta Miasta Cz\u0119stochowy 2006. Prezes Regionalnego Towarzystwa Zach\u0119ty Sztuk Pi\u0119knych w Cz\u0119stochowie. <a href=\"http:\/\/www.lydzba.art.pl\" target=\"_blank\" rel=\"noopener\">www.lydzba.art.pl<\/a><br>\n<strong>Jakub Szymczuk<\/strong> &#8211; laureat Grand Prix konkursu fotografii prasowej <em>Grand Press Photo 2014<\/em>. Fotoreporter zwi\u0105zany z<em> &#8222;Go\u015bciem Niedzielnym&#8221;<\/em>, zdobywca wielu nagr\u00f3d i wyr\u00f3\u017cnie\u0144 w konkursach fotograficznych. <a href=\"http:\/\/www.silaobrazu.pl\" target=\"_blank\" rel=\"noopener\">www.silaobrazu.pl<\/a><br>\n<strong>Adam Florczyk<\/strong> &#8211; pracownik Centrum Promocji M\u0142odych Muzeum Cz\u0119stochowskiego. Wsp\u00f3\u0142organizator i czynny odbiorca wielu wydarze\u0144 kulturalnych w mie\u015bcie. Autor bloga: <a href=\"http:\/\/www.czestolovechowa.blox.pl\" target=\"_blank\" rel=\"noopener\">www.czestolovechowa.blox.pl<\/a><\/p>\n\n\n\n<p><span style=\"text-decoration: underline;\"><span style=\"color: #eb0000; text-decoration: underline;\"><strong>Jury 8. edycji &#8222;Klimat\u00f3w Cz\u0119stochowy&#8221; (2013):<br>\n<\/strong><\/span><\/span>Micha\u0142 Legierski, Wojciech Barczy\u0144ski, Maciej Kuro\u0144, S\u0142awomir Jod\u0142owski, Marta Frej &amp; Tomasz Kosi\u0144ski (Grupa FRiKO)<\/p>\n\n\n\n<p><span style=\"text-decoration: underline;\"><span style=\"color: #eb0000; text-decoration: underline;\"><strong>Jury 7. edycji &#8222;Klimat\u00f3w Cz\u0119stochowy&#8221; (2012):<\/strong><\/span><\/span><br>\nMaksymilian Rigamonti, Piotr Bednarek, Krzysztof Muskalski, Marcin Szp\u0105drowski, Monstfur<\/p>\n\n\n\n<p><strong><span style=\"text-decoration: underline;\"><span style=\"color: #eb0000; text-decoration: underline;\">Jury 6. edycji &#8222;Klimat\u00f3w Cz\u0119stochowy&#8221;: (2011):<\/span><\/span><\/strong><br>\nS\u0142awomir Jod\u0142owski, Kamil Pawlik, Jan Pawlikowski, Jerzy Piwowarski, Jacek Waszkiewicz, Aleksander Wierny<\/p>\n\n\n\n<p><strong><span style=\"text-decoration: underline;\"><span style=\"color: #eb0000; text-decoration: underline;\">Jury 5. edycji &#8222;Klimat\u00f3w Cz\u0119stochowy&#8221; (2010):<\/span><\/span><\/strong><br>\nTomasz Tomaszewski, Jacenty D\u0119dek, Ma\u0142gorzata Kozakowska, Patrycja Zubrzycka, Marcin Szp\u0105drowski, W\u0142odzimierz Tutaj<\/p>\n\n\n\n<p><strong><span style=\"text-decoration: underline; color: #eb0000;\">Jury 4. edycji &#8222;Klimat\u00f3w Cz\u0119stochowy&#8221; (2009):<\/span><\/strong><br>\nMaciej Nabrdalik, Grzegorz Skowronek, Marcin Stawiarz, Marcin Szp\u0105drowski, W\u0142odzimierz Tutaj<\/p>\n\n\n\n<p><strong><span style=\"text-decoration: underline; color: #eb0000;\">Jury 3. edycji &#8222;Klimat\u00f3w Cz\u0119stochowy&#8221; (2008):<\/span><\/strong><br>\nJanusz Mielczarek, Dariusz Cierpia\u0142, Leszek Pilichowski, Marcin Szp\u0105drowski, Adam Markowski<\/p>\n\n\n\n<p><strong><span style=\"text-decoration: underline; color: #eb0000;\">Jury 2. edycji &#8222;Klimat\u00f3w Cz\u0119stochowy&#8221; (2007):<\/span><\/strong><br>\nPiotr D\u0142ubak, Grzegorz Skowronek, W\u0142odzimierz Karankiewicz, Teresa Kaczor, W\u0142odzimierz Tutaj, Adam Markowski<\/p>\n\n\n\n<p><strong><span style=\"text-decoration: underline; color: #eb0000;\">Jury 1. edycji &#8222;Klimat\u00f3w Cz\u0119stochowy&#8221; (2006):<\/span><\/strong><br>\nGrzegorz Skowronek, Janusz St\u0119pie\u0144, El\u017cbieta Siwik, Adam Markowski<\/p>\n\n\n\n<p><\/p>\n","protected":false},"excerpt":{"rendered":"<p>JURY 17. EDYCJI &#8222;KLIMAT\u00d3W CZ\u0118STOCHOWY&#8221; (2024) Anna Paleczek-Szumlas Od 2015 r. dyrektorka Miejskiej Galerii Sztuki w Cz\u0119stochowie. Kuratorka i autorka indywidualnych wystaw takich artyst\u00f3w jak m.in. Edward Dwurnik, Jaros\u0142aw Modzelewski, Ros\u0142aw Szaybo, Tomasz Tomaszewski, Jan Kanty Pawlu\u015bkiewicz, Jan Wo\u0142ek, Tomasz Lubaszka, Jacek \u0141yd\u017cba, Przemys\u0142aw Lasak, Bogus\u0142aw Lustyk, czy Andrzej P\u0105gowski. W ci\u0105gu ostatnich 7 lat [&hellip;]<\/p>\n","protected":false},"author":1,"featured_media":0,"parent":0,"menu_order":0,"comment_status":"open","ping_status":"open","template":"","meta":{"footnotes":""},"class_list":["post-2","page","type-page","status-publish","hentry"],"_links":{"self":[{"href":"http:\/\/www.klimatyczestochowy.pl\/index.php?rest_route=\/wp\/v2\/pages\/2","targetHints":{"allow":["GET"]}}],"collection":[{"href":"http:\/\/www.klimatyczestochowy.pl\/index.php?rest_route=\/wp\/v2\/pages"}],"about":[{"href":"http:\/\/www.klimatyczestochowy.pl\/index.php?rest_route=\/wp\/v2\/types\/page"}],"author":[{"embeddable":true,"href":"http:\/\/www.klimatyczestochowy.pl\/index.php?rest_route=\/wp\/v2\/users\/1"}],"replies":[{"embeddable":true,"href":"http:\/\/www.klimatyczestochowy.pl\/index.php?rest_route=%2Fwp%2Fv2%2Fcomments&post=2"}],"version-history":[{"count":100,"href":"http:\/\/www.klimatyczestochowy.pl\/index.php?rest_route=\/wp\/v2\/pages\/2\/revisions"}],"predecessor-version":[{"id":1542,"href":"http:\/\/www.klimatyczestochowy.pl\/index.php?rest_route=\/wp\/v2\/pages\/2\/revisions\/1542"}],"wp:attachment":[{"href":"http:\/\/www.klimatyczestochowy.pl\/index.php?rest_route=%2Fwp%2Fv2%2Fmedia&parent=2"}],"curies":[{"name":"wp","href":"https:\/\/api.w.org\/{rel}","templated":true}]}}